{"id":7618,"date":"2020-11-17T14:57:37","date_gmt":"2020-11-17T13:57:37","guid":{"rendered":"https:\/\/www.kkf-oca.ch\/angebote-bildungsangebote-fachpersonen\/"},"modified":"2026-04-23T08:30:35","modified_gmt":"2026-04-23T06:30:35","slug":"angebote-bildungsangebote-fachpersonen","status":"publish","type":"page","link":"https:\/\/www.kkf-oca.ch\/fr\/angebote-bildungsangebote-fachpersonen\/","title":{"rendered":"Offres | Offres de formation pour les professionnels"},"content":{"rendered":"\t\t<div id=\"pootle-page-builder\">\n\t\t\t<!----------Pootle Page Builder Inline Styles---------->\n\t\t\t<style id=\"pootle-live-editor-styles\" type=\"text\/css\" media=\"all\">\n\t\t\t\t#pgc-7618-1-0 , #pgc-7618-1-1 , #pgc-7618-4-0 , #pgc-7618-4-1 { width:48% } #pgc-7618-3-0 { width:51.846% } #pgc-7618-3-1 { width:44.154% } #pgc-7618-5-0 , #pgc-7618-5-1 , #pgc-7618-7-0 , #pgc-7618-7-1 , #pgc-7618-9-0 , #pgc-7618-9-1 { width:49.5% } .panel-grid-cell .panel { margin-bottom: 0px } @media ( max-width:780px ) { #pootle-page-builder .panel-grid-cell-container .panel-grid-cell { width:100%;flex: 1 0; } #pootle-page-builder .panel-grid-cell-container { flex-direction: column; } .panel-grid-cell:not(:last-child) { margin-bottom: 0px } .ppb-no-mobile-spacing { padding: 0 !important; margin: 0 !important; } .hide-on-mobile { display: none } br.rwd { display: block } .ppb-mobile-behaviour-2.ppb-block { margin-left:auto!important;margin-right:auto!important;margin-top:auto!important;margin-bottom:auto!important } .panel-grid { margin-left: 0 !important; margin-right: 0 !important; } .panel-grid-cell { padding: 0 !important; max-width: 100% !important; }  } \t\t\t<\/style>\n\t\t\t<div class=\"panel-grid ppb-row\" id=\"pg-7618-0\" style=\"margin-bottom: 0;\" ><div class=\"ppb-row panel-row-style panel-row-style- \" style=\"\" ><style>#pg-7618-0 .panel-grid-cell { padding: 0 2% 0; }<\/style><div class='panel-grid-cell-container'><div class=\"ppb-col panel-grid-cell \" id=\"pgc-7618-0-0\" ><div id=\"panel-7618-0-0-0\" class=\"ppb-block ppb-no-mobile-spacing\" style=\"\" ><pre>De nombreux professionnels s'occupent des personnes r\u00e9fugi\u00e9es dans leur travail quotidien. Dans le cadre du programme Horizonte, l'OCA propose des formations continues sur des sujets d'actualit\u00e9 aux employ\u00e9s des partenaires r\u00e9gionaux, des services sociaux communaux et d'autres institutions d'int\u00e9gration. L'offre \u00abTravail quotidien avec les r\u00e9fugi\u00e9-e-s\u00bb s'adresse aux personnes qui travaillent avec des personnes r\u00e9fugi\u00e9es dans leur quotidien et qui ont des questions sp\u00e9cifiques ou sont int\u00e9ress\u00e9es par des informations de fond.<\/pre><\/div><\/div><\/div><!--.panel-grid-cell-container--><\/div><!--.panel-row-style--><\/div><!--.panel-grid--><div class=\"panel-grid ppb-row\" id=\"pg-7618-1\" style=\"margin-bottom: 0;\" ><div class=\"ppb-row panel-row-style panel-row-style- \" style=\"\" ><style>#pg-7618-1 .panel-grid-cell { padding: 0 2% 0; }<\/style><div class='panel-grid-cell-container'><div class=\"ppb-col panel-grid-cell \" id=\"pgc-7618-1-0\" ><div id=\"panel-7618-1-0-0\" class=\"ppb-block ppb-no-mobile-spacing\" style=\"\" ><h3><a href=\"#horizonte\" data-mce-href=\"#horizonte\" data-mce-selected=\"inline-boundary\">Formations continues \u00abHorizonte\u00bb \u2193<\/a><\/h3><h3><a href=\"#berufsalltag\" data-mce-href=\"#berufsalltag\">\u00abQuotidien professionnel avec des personnes r\u00e9fugi\u00e9es\u00bb \u2193<\/a><\/h3><\/div><\/div><div class=\"ppb-col panel-grid-cell \" id=\"pgc-7618-1-1\" ><\/div><\/div><!--.panel-grid-cell-container--><\/div><!--.panel-row-style--><\/div><!--.panel-grid--><div class=\"panel-grid ppb-row\" id=\"pg-7618-2\" style=\"margin-bottom: 0;\" ><div class=\"ppb-row panel-row-style panel-row-style- \" style=\"\" ><style>#pg-7618-2 .panel-grid-cell { padding: 0 2% 0; }<\/style><div class='panel-grid-cell-container'><div class=\"ppb-col panel-grid-cell \" id=\"pgc-7618-2-0\" ><div id=\"panel-7618-2-0-0\" class=\"ppb-block ppb-no-mobile-spacing\" style=\"\" ><hr \/><p>\n<a name=\"horizonte\"><\/a>\n<\/p><h1>Formations continues \u00abHorizonte\u00bb<\/h1><\/div><div id=\"panel-7618-2-0-1\" class=\"ppb-block ppb-no-mobile-spacing\" style=\"\" ><div id=\"panel-4284-4-0-1\" class=\"ppb-block ppb-no-mobile-spacing\"><pre>Les cours Horizonte offrent aux professionnels du domaine de l\u2019asile la possibilit\u00e9 d\u2019approfondir des aspects tr\u00e8s divers de leur activit\u00e9. Les intervenants invit\u00e9s (conf\u00e9renciers et experts) apportent aux participants une formation continue ponctuelle et approfondie en l\u2019espace d\u2019une demi-journ\u00e9e.<\/pre><\/div><\/div><div id=\"panel-7618-2-0-2\" class=\"ppb-block ppb-no-mobile-spacing\" style=\"\" ><p>\nL\u2019OCA axe son programme de formation continue Horizonte sur les besoins actuels du personnel des partenaires r\u00e9gionaux ainsi que d\u2019autres organismes s\u2019occupant des questions migratoires et d\u2019int\u00e9gration. Les th\u00e9matiques \u00e0 approfondir sont d\u00e9termin\u00e9es sur la base de sondages r\u00e9guliers. Le programme est renouvel\u00e9 tous les six mois. Trois cours Horizonte sont g\u00e9n\u00e9ralement pr\u00e9vus par semestre. <strong>La plupart des cours sont en allemand,\u00a0un service d'interpr\u00e9tation peut toutefois \u00eatre propos\u00e9 sur demande, ou du moins la traduction fran\u00e7aise de la documentation de cours.<\/strong>\n<\/p><p>\nCette offre est r\u00e9alis\u00e9e par la KKF sur mandat du canton de Berne (DSSI).\n<\/p><p>\n\u00a0\n<\/p><\/div><\/div><\/div><!--.panel-grid-cell-container--><\/div><!--.panel-row-style--><\/div><!--.panel-grid--><div class=\"panel-grid ppb-row\" id=\"pg-7618-3\" style=\"margin-bottom: 0;\" ><div class=\"ppb-row panel-row-style panel-row-style- \" style=\"\" ><style>#pg-7618-3 .panel-grid-cell { padding: 0 2% 0; }<\/style><div class='panel-grid-cell-container'><div class=\"ppb-col panel-grid-cell \" id=\"pgc-7618-3-0\" ><div id=\"panel-7618-3-0-0\" class=\"ppb-block ppb-no-mobile-spacing\" style=\"\" ><p>\n<strong>Groupes cibles:<br \/><\/strong>Professionnel-le-s du domaine de l\u2019asile et de la migration dans le canton de Berne\n<\/p><p>\n<strong>Lieu du cours:<br \/><\/strong>Divers lieux \u00e0 Berne (voir programme).\n<\/p><p>\n<strong>Dur\u00e9e du cours:<br \/><\/strong>4 \u00e0 5 heures\n<\/p><p>\n<strong>Prix du cours:<\/strong><br \/>CHF 70.00 par demi journ\u00e9ee\n<\/p><p>\n<strong>Prochains \u00e9v\u00e9nements:<\/strong>\n<\/p><p>\nKurs 26\/4 - Mi, 27. Mai 2026 l 09.00 \u2013 12.30 Uhr - <span style=\"color: #ff0000;\"><strong>Le cours est complet. Nous tenons une liste d\u2019attente<\/strong><\/span><br \/><a href=\"https:\/\/www.kkf-oca.ch\/horizonte-kurs-26-4\/\">IV-Anspruch unklar? - Leistungen der IV im Asylbereich<\/a>\n<\/p><p>\nKurs 26\/5 - Do, 18. Juni 2026 l 13.30 \u2013 17.00 Uhr\u00a0<br \/><a href=\"https:\/\/www.kkf-oca.ch\/horizonte-kurs-26-5\/\">Neurodiversit\u00e4t im Asylbereich - Herausforderungen und M\u00f6glichkeiten<\/a>\n<\/p><\/div><\/div><div class=\"ppb-col panel-grid-cell \" id=\"pgc-7618-3-1\" ><div id=\"panel-7618-3-1-0\" class=\"ppb-block ppb-no-mobile-spacing\" style=\"margin-left: 2px;max-width: 424px;\" ><h5>T\u00e9l\u00e9charger le programme (cliquer sur l'image)<br \/><a href=\"https:\/\/www.kkf-oca.ch\/wp-content\/uploads\/KKF-Horizonte_Programm_FR2026-web.pdf\"><img decoding=\"async\" class=\"alignnone  wp-image-12192\" src=\"https:\/\/www.kkf-oca.ch\/wp-content\/uploads\/Horizonte_FS25_Cover-300x49.png\" alt=\"\" width=\"398\" height=\"65\" srcset=\"https:\/\/www.kkf-oca.ch\/wp-content\/uploads\/Horizonte_FS25_Cover-300x49.png 300w, https:\/\/www.kkf-oca.ch\/wp-content\/uploads\/Horizonte_FS25_Cover-768x125.png 768w, https:\/\/www.kkf-oca.ch\/wp-content\/uploads\/Horizonte_FS25_Cover-500x81.png 500w, https:\/\/www.kkf-oca.ch\/wp-content\/uploads\/Horizonte_FS25_Cover-800x130.png 800w, https:\/\/www.kkf-oca.ch\/wp-content\/uploads\/Horizonte_FS25_Cover.png 866w\" sizes=\"(max-width: 398px) 100vw, 398px\" \/><\/a><\/h5><\/div><div id=\"panel-7618-3-1-1\" class=\"ppb-block ppb-no-mobile-spacing\" style=\"background-color: #dfdbd0;margin-top: 32px;margin-left: 2px;max-width: 246px;background-color: rgba(  223, 219, 208, 0.45 ); padding-top: 12px;npadding-bottom: 0px;npadding-right: 18px;npadding-left: 18px;\" ><h5>Lea Meier<\/h5><h5>&nbsp;<\/h5><p>\n031 385 18 13 <br><a href=\"mailto:lea.meier@kkf-oca.ch\" target=\"_blank\" rel=\"noopener\" data-mce-href=\"mailto:lea.meier@kkf-oca.ch\">lea.meier@kkf-oca.ch<\/a>\n<\/p><\/div><\/div><\/div><!--.panel-grid-cell-container--><\/div><!--.panel-row-style--><\/div><!--.panel-grid--><div class=\"panel-grid ppb-row\" id=\"pg-7618-4\" style=\"margin-bottom: 0;\" ><div class=\"ppb-row panel-row-style panel-row-style- \" style=\"\" ><style>#pg-7618-4 .panel-grid-cell { padding: 0 2% 0; }<\/style><div class='panel-grid-cell-container'><div class=\"ppb-col panel-grid-cell \" id=\"pgc-7618-4-0\" ><div id=\"panel-7618-4-0-0\" class=\"ppb-block ppb-no-mobile-spacing\" style=\"\" ><p>\n<a name=\"anmeldung-horizonte\" class=\"mce-item-anchor\"><\/a><br data-mce-bogus=\"1\">\n<\/p><h4 style=\"text-align: left;\" data-mce-style=\"text-align: left;\">Formulaire d'inscription Horizonte<\/h4><\/div><\/div><div class=\"ppb-col panel-grid-cell \" id=\"pgc-7618-4-1\" ><\/div><\/div><!--.panel-grid-cell-container--><\/div><!--.panel-row-style--><\/div><!--.panel-grid--><div class=\"panel-grid ppb-row\" id=\"pg-7618-5\" style=\"margin-bottom: 0;\" >\t\t\t<span class=\"ppb-row-accordion-toggle\" style='border-color:#fff;' onclick=\"jQuery( this ).toggleClass( 'ppb-accordion-open' )\n\t\t\t.siblings( '.panel-row-style' ).slideToggle(520);\n\t\t\tjQuery('html, body').animate({scrollTop:jQuery(this).offset().top - 50}, 520)\"><\/span>\n\t\t\t<div class=\"ppb-row panel-row-style panel-row-style- \" style=\"min-height:0;display:none;\" ><style>#pg-7618-5 .panel-grid-cell { padding: 0 0.5% 0; }<\/style><div class='panel-grid-cell-container'><div class=\"ppb-col panel-grid-cell \" id=\"pgc-7618-5-0\" ><div id=\"panel-7618-5-0-0\" class=\"ppb-block ppb-no-mobile-spacing\" style=\"\" >\nLe nombre de places est limit\u00e9. <strong>Les inscriptions des employ\u00e9s des partenaires r\u00e9gionaux et d'autres institutions sp\u00e9cialis\u00e9es dans le secteur de l'asile sont g\u00e9n\u00e9ralement prises en consid\u00e9ration de mani\u00e8re prioritaire.<\/strong>\n\n<br data-mce-bogus=\"1\">\n\nVotre inscription vous engage. Vous recevrez une confirmation trois semaines avant le cours. Un retrait par \u00e9crit est sans cons\u00e9quences financi\u00e8res jusqu\u2019\u00e0 deux semaines avant la date du cours.\n\n<br data-mce-bogus=\"1\">\n\n\n<div class=\"wpcf7 no-js\" id=\"wpcf7-f770-o1\" lang=\"de-DE\" dir=\"ltr\" data-wpcf7-id=\"770\">\n<div class=\"screen-reader-response\"><p role=\"status\" aria-live=\"polite\" aria-atomic=\"true\"><\/p> <ul><\/ul><\/div>\n<form action=\"\/fr\/wp-json\/wp\/v2\/pages\/7618#wpcf7-f770-o1\" method=\"post\" class=\"wpcf7-form init\" aria-label=\"Kontaktformular\" novalidate=\"novalidate\" data-status=\"init\">\n<fieldset class=\"hidden-fields-container\"><input type=\"hidden\" name=\"_wpcf7\" value=\"770\" \/><input type=\"hidden\" name=\"_wpcf7_version\" value=\"6.1.5\" \/><input type=\"hidden\" name=\"_wpcf7_locale\" value=\"de_DE\" \/><input type=\"hidden\" name=\"_wpcf7_unit_tag\" value=\"wpcf7-f770-o1\" \/><input type=\"hidden\" name=\"_wpcf7_container_post\" value=\"0\" \/><input type=\"hidden\" name=\"_wpcf7_posted_data_hash\" value=\"\" \/><input type=\"hidden\" name=\"_wpcf7_recaptcha_response\" value=\"\" \/>\n<\/fieldset>\n\n<p>* Pflichtfelder \/ Champs requis\n<\/p>\n<p><span class=\"wpcf7-form-control-wrap\" data-name=\"Anrede\"><span class=\"wpcf7-form-control wpcf7-radio\"><span class=\"wpcf7-list-item first\"><input type=\"radio\" name=\"Anrede\" value=\"keine Angabe \/ non sp\u00e9cifi\u00e9\" checked=\"checked\" \/><span class=\"wpcf7-list-item-label\">keine Angabe \/ non sp\u00e9cifi\u00e9<\/span><\/span><span class=\"wpcf7-list-item\"><input type=\"radio\" name=\"Anrede\" value=\"Frau \/ Madame\" \/><span class=\"wpcf7-list-item-label\">Frau \/ Madame<\/span><\/span><span class=\"wpcf7-list-item last\"><input type=\"radio\" name=\"Anrede\" value=\"Herr \/ Monsieur\" \/><span class=\"wpcf7-list-item-label\">Herr \/ Monsieur<\/span><\/span><\/span><\/span><br \/>\n<span class=\"wpcf7-form-control-wrap\" data-name=\"Name\"><input size=\"40\" maxlength=\"400\" class=\"wpcf7-form-control wpcf7-text wpcf7-validates-as-required\" aria-required=\"true\" aria-invalid=\"false\" placeholder=\"Name \/ Nom *\" value=\"\" type=\"text\" name=\"Name\" \/><\/span><br \/>\n<span class=\"wpcf7-form-control-wrap\" data-name=\"Vorname\"><input size=\"40\" maxlength=\"400\" class=\"wpcf7-form-control wpcf7-text wpcf7-validates-as-required\" aria-required=\"true\" aria-invalid=\"false\" placeholder=\"Vorname \/ Pr\u00e9nom *\" value=\"\" type=\"text\" name=\"Vorname\" \/><\/span><br \/>\n<span class=\"wpcf7-form-control-wrap\" data-name=\"Institution\"><input size=\"40\" maxlength=\"400\" class=\"wpcf7-form-control wpcf7-text\" aria-invalid=\"false\" placeholder=\"Institution *\" value=\"\" type=\"text\" name=\"Institution\" \/><\/span><br \/>\n<span class=\"wpcf7-form-control-wrap\" data-name=\"Strasse\"><input size=\"40\" maxlength=\"400\" class=\"wpcf7-form-control wpcf7-text wpcf7-validates-as-required\" aria-required=\"true\" aria-invalid=\"false\" placeholder=\"Strasse \/ Rue *\" value=\"\" type=\"text\" name=\"Strasse\" \/><\/span><br \/>\n<span class=\"wpcf7-form-control-wrap\" data-name=\"PLZ\"><input size=\"40\" maxlength=\"400\" class=\"wpcf7-form-control wpcf7-text wpcf7-validates-as-required\" aria-required=\"true\" aria-invalid=\"false\" placeholder=\"PLZ \/ CP *\" value=\"\" type=\"text\" name=\"PLZ\" \/><\/span><br \/>\n<span class=\"wpcf7-form-control-wrap\" data-name=\"Ort\"><input size=\"40\" maxlength=\"400\" class=\"wpcf7-form-control wpcf7-text wpcf7-validates-as-required\" aria-required=\"true\" aria-invalid=\"false\" placeholder=\"Ort \/ Localit\u00e9 *\" value=\"\" type=\"text\" name=\"Ort\" \/><\/span><br \/>\n<span class=\"wpcf7-form-control-wrap\" data-name=\"E-Mail\"><input size=\"40\" maxlength=\"400\" class=\"wpcf7-form-control wpcf7-email wpcf7-validates-as-required wpcf7-text wpcf7-validates-as-email\" aria-required=\"true\" aria-invalid=\"false\" placeholder=\"E-Mail \/ Email *\" value=\"\" type=\"email\" name=\"E-Mail\" \/><\/span><br \/>\n<span class=\"wpcf7-form-control-wrap\" data-name=\"Telefon\"><input size=\"40\" maxlength=\"400\" class=\"wpcf7-form-control wpcf7-text\" aria-invalid=\"false\" placeholder=\"Telefon \/ T\u00e9l\u00e9phone\" value=\"\" type=\"text\" name=\"Telefon\" \/><\/span><br \/>\n<strong>Kurse \/ Offres * <\/strong><strong><br \/>\n<\/strong>\n<\/p>\n<h5><span style=\"color:red;\">Bitte gew\u00fcnschten Kurs ausw\u00e4hlen:<\/span>\n<\/h5>\n<p><span class=\"wpcf7-form-control-wrap\" data-name=\"Kurs\"><span class=\"wpcf7-form-control wpcf7-checkbox\"><span class=\"wpcf7-list-item first last\"><label><input type=\"checkbox\" name=\"Kurs[]\" value=\"26\/4 - IV-Anspruch unklar? - Ausgebucht\" \/><span class=\"wpcf7-list-item-label\">26\/4 - IV-Anspruch unklar? - Ausgebucht<\/span><\/label><\/span><\/span><\/span><br \/>\n<span class=\"wpcf7-form-control-wrap\" data-name=\"Kurs\"><span class=\"wpcf7-form-control wpcf7-checkbox\"><span class=\"wpcf7-list-item first last\"><label><input type=\"checkbox\" name=\"Kurs[]\" value=\"26\/5 - Neurodiversit\u00e4t im Asylbereich - 2. Durchf\u00fchrung\" \/><span class=\"wpcf7-list-item-label\">26\/5 - Neurodiversit\u00e4t im Asylbereich - 2. Durchf\u00fchrung<\/span><\/label><\/span><\/span><\/span>\n<\/p>\n<h5>Bemerkungen \/ Remarques\n<\/h5>\n<p><span class=\"wpcf7-form-control-wrap\" data-name=\"textarea-Bemerkung\"><textarea cols=\"40\" rows=\"10\" maxlength=\"250\" class=\"wpcf7-form-control wpcf7-textarea\" aria-invalid=\"false\" name=\"textarea-Bemerkung\"><\/textarea><\/span><br \/>\nMaximale Zeichenzahl \/ Nombre maximum: <span class=\"wpcf7-character-count down\" data-target-name=\"textarea-Bemerkung\" data-starting-value=\"250\" data-current-value=\"250\" data-maximum-value=\"250\">250<\/span>\n<\/p>\n<p>Die Kurspl\u00e4tze sind limitiert und Anmeldungen werden in der Regel nach Eingangsdatum ber\u00fccksichtigt.<br \/>\nLe nombre de place est limit\u00e9, et les inscriptions sont g\u00e9n\u00e9ralement prises en compte par ordre d\u2019arriv\u00e9e.\n<\/p>\n<p><input class=\"wpcf7-form-control wpcf7-submit has-spinner mb-button mb-size-tiny mb-corners-straight\" type=\"submit\" value=\"Anmelden \/ Enregistrer\" \/>\n<\/p><p style=\"display: none !important;\" class=\"akismet-fields-container\" data-prefix=\"_wpcf7_ak_\"><label>&#916;<textarea name=\"_wpcf7_ak_hp_textarea\" cols=\"45\" rows=\"8\" maxlength=\"100\"><\/textarea><\/label><input type=\"hidden\" id=\"ak_js_1\" name=\"_wpcf7_ak_js\" value=\"176\"\/><script type=\"text\/javascript\">\n\/* <![CDATA[ *\/\ndocument.getElementById( \"ak_js_1\" ).setAttribute( \"value\", ( new Date() ).getTime() );\n\/* ]]> *\/\n<\/script>\n<\/p><div class=\"wpcf7-response-output\" aria-hidden=\"true\"><\/div>\n<\/form>\n<\/div>\n\n<\/div><\/div><div class=\"ppb-col panel-grid-cell \" id=\"pgc-7618-5-1\" ><\/div><\/div><!--.panel-grid-cell-container--><\/div><!--.panel-row-style--><\/div><!--.panel-grid--><div class=\"panel-grid ppb-row\" id=\"pg-7618-6\" style=\"margin-bottom: 0;\" ><div class=\"ppb-row panel-row-style panel-row-style- \" style=\"\" ><style>#pg-7618-6 .panel-grid-cell { padding: 0 0.5% 0; }<\/style><div class='panel-grid-cell-container'><div class=\"ppb-col panel-grid-cell \" id=\"pgc-7618-6-0\" ><div id=\"panel-7618-6-0-0\" class=\"ppb-block ppb-no-mobile-spacing\" style=\"\" ><h4>\u00a0<\/h4><h4>Archive Programme Horizonte<\/h4><\/div><\/div><\/div><!--.panel-grid-cell-container--><\/div><!--.panel-row-style--><\/div><!--.panel-grid--><div class=\"panel-grid ppb-row\" id=\"pg-7618-7\" style=\"margin-bottom: 0;\" >\t\t\t<span class=\"ppb-row-accordion-toggle\" style='border-color:#fff;' onclick=\"jQuery( this ).toggleClass( 'ppb-accordion-open' )\n\t\t\t.siblings( '.panel-row-style' ).slideToggle(520);\n\t\t\tjQuery('html, body').animate({scrollTop:jQuery(this).offset().top - 50}, 520)\"><\/span>\n\t\t\t<div class=\"ppb-row panel-row-style panel-row-style- \" style=\"min-height:0;display:none;\" ><style>#pg-7618-7 .panel-grid-cell { padding: 0 0.5% 0; }<\/style><div class='panel-grid-cell-container'><div class=\"ppb-col panel-grid-cell \" id=\"pgc-7618-7-0\" ><div id=\"panel-7618-7-0-0\" class=\"ppb-block ppb-no-mobile-spacing\" style=\"\" ><h5><a href=\"https:\/\/www.kkf-oca.ch\/wp-content\/uploads\/KKF-Horizonte_Programm_Herbst-2025-web-1.pdf\">Herbst 2025[pdf]<\/a><\/h5><h5><a href=\"https:\/\/www.kkf-oca.ch\/wp-content\/uploads\/KKF-Horizonte_Programm_FR-2025-web.pdf\">Fr\u00fchling 2025 [pdf]<\/a><\/h5><h5><a href=\"https:\/\/www.kkf-oca.ch\/wp-content\/uploads\/KKF-Horizonte_Programm_HE2024-web.pdf\">Herbst 2024 [pdf]<\/a><\/h5><h5><a href=\"https:\/\/www.kkf-oca.ch\/wp-content\/uploads\/KKF-Horizonte_Programm_FR2024-web.pdf\">Fr\u00fchling 2024<\/a> <a href=\"https:\/\/www.kkf-oca.ch\/wp-content\/uploads\/KKF-Horizonte_Programm_HE2023-web-1.pdf\">[pdf]<\/a><\/h5><h5><a href=\"https:\/\/www.kkf-oca.ch\/wp-content\/uploads\/KKF-Horizonte_Programm_HE2023-web-1.pdf\">Herbst 2023 [pdf]<\/a><\/h5><h5><a href=\"https:\/\/www.kkf-oca.ch\/wp-content\/uploads\/KKF-Horizonte_Programm_FR2023-web.pdf\">Fr\u00fchling 2023\u00a0[pdf]<\/a><\/h5><h5><a href=\"https:\/\/www.kkf-oca.ch\/wp-content\/uploads\/KKF-Horizonte_Programm_HE2022-web.pdf\">Herbst 2022 [pdf]<\/a><\/h5><h5><a href=\"https:\/\/www.kkf-oca.ch\/wp-content\/uploads\/KKF-Horizonte_Programm_FR2022-web.pdf\">Fr\u00fchling 2022 [pdf]<\/a><\/h5><h5><a href=\"https:\/\/www.kkf-oca.ch\/wp-content\/uploads\/horizonte_Programm_HE2021_web-1.pdf\">Herbst 2021 [pdf]<\/a><\/h5><h5><a href=\"https:\/\/www.kkf-oca.ch\/wp-content\/uploads\/Horizonte_Programm_FR2021_online.pdf\">Fr\u00fchling 2021 [pdf]<\/a><\/h5><h5><a href=\"https:\/\/www.kkf-oca.ch\/wp-content\/uploads\/horizonte_Programm_HE2020_web_de.pdf\" target=\"_blank\" rel=\"noopener\">Herbst 2020 [pdf]<\/a><\/h5><h5><a href=\"https:\/\/www.kkf-oca.ch\/wp-content\/uploads\/horizonte_Programm_FR2020_web-2.pdf\" target=\"_blank\" rel=\"noopener\">Fr\u00fchling 2020 [pdf]<\/a><\/h5><h5><a href=\"https:\/\/www.kkf-oca.ch\/wp-content\/uploads\/horizonte_Programm_HE2019_web_dpa.pdf\" target=\"_blank\" rel=\"noopener\">Herbst 2019 [pdf]<\/a><\/h5><h5><a href=\"https:\/\/www.kkf-oca.ch\/wp-content\/uploads\/horizonte_Programm_FR2019_web1.pdf\" target=\"_blank\" rel=\"noopener\">Fr\u00fchling 2019 [pdf]<\/a><\/h5><h5><a href=\"https:\/\/www.kkf-oca.ch\/wp-content\/uploads\/2018\/06\/horizonte_Programm_HE2018_web.pdf\" target=\"_blank\" rel=\"noopener\">Herbst 2018 [pdf]<\/a><\/h5><h5><a href=\"https:\/\/www.kkf-oca.ch\/wp-content\/uploads\/2017\/12\/horizonte_Programm_FR2018_web.pdf\" target=\"_blank\" rel=\"noopener\">Fr\u00fchling 2018 [pdf]<\/a><\/h5><h5><a href=\"https:\/\/www.kkf-oca.ch\/wp-content\/uploads\/2017\/06\/horizonte_Programm_HE2017_online.pdf\" target=\"_blank\" rel=\"noopener\">Herbst 2017 [pdf]<\/a><\/h5><h5><a href=\"https:\/\/www.kkf-oca.ch\/wp-content\/uploads\/2016\/06\/horizonte_Programm_FR2017_webneu.pdf\" target=\"_blank\" rel=\"noopener\">Fr\u00fchling 2017 [pdf]<\/a><\/h5><h5><a href=\"\/wp-content\/uploads\/2016\/06\/horizonte_Programm_HE2016.pdf\" target=\"_blank\" rel=\"noopener\">Herbst 2016 [pdf]<\/a><\/h5><h5><a href=\"\/wp-content\/uploads\/2016\/06\/Kursprogramm_horizonte-F16_online2.pdf\" target=\"_blank\" rel=\"noopener\">Fr\u00fchling 2016 [pdf]<\/a><\/h5><h5><a href=\"\/wp-content\/uploads\/2016\/06\/Kursprogramm_horizonte-H15_web.pdf\" target=\"_blank\" rel=\"noopener\">Herbst 2015 [pdf]<\/a><\/h5><h5><a href=\"\/wp-content\/uploads\/2016\/06\/Kursprogramm_horizonte-F15_web.pdf\" target=\"_blank\" rel=\"noopener\">Fr\u00fchling 2015 [pdf]<\/a><a href=\"\/wp-content\/uploads\/2016\/06\/Kursprogramm_horizonte_HE14_web.pdf\" target=\"_blank\" rel=\"noopener\"><\/a><\/h5><h5>\u00a0<\/h5><\/div><\/div><div class=\"ppb-col panel-grid-cell \" id=\"pgc-7618-7-1\" ><\/div><\/div><!--.panel-grid-cell-container--><\/div><!--.panel-row-style--><\/div><!--.panel-grid--><div class=\"panel-grid ppb-row\" id=\"pg-7618-8\" style=\"margin-bottom: 0;\" ><div class=\"ppb-row panel-row-style panel-row-style- \" style=\"\" ><style>#pg-7618-8 .panel-grid-cell { padding: 0 2% 0; }<\/style><div class='panel-grid-cell-container'><div class=\"ppb-col panel-grid-cell \" id=\"pgc-7618-8-0\" ><div id=\"panel-7618-8-0-0\" class=\"ppb-block ppb-no-mobile-spacing\" style=\"\" ><hr><p>\n<a name=\"berufsalltag\" class=\"mce-item-anchor\"><\/a><br data-mce-bogus=\"1\">\n<\/p><h1>\u00abQuotidien professionnel avec des personnes r\u00e9fugi\u00e9es\u00bb<br><\/h1><\/div><div id=\"panel-7618-8-0-1\" class=\"ppb-block ppb-no-mobile-spacing\" style=\"\" ><pre>Le corps enseignant, les professionnels de la sant\u00e9, les agents de s\u00e9curit\u00e9, le personnel des paroisses, les travailleuses et travailleurs sociaux et bien d\u2019autres personnes encore c\u00f4toient au quotidien des personnes r\u00e9fugi\u00e9es. Le cas \u00e9ch\u00e9ant, de nombreuses questions se posent: Que signifient les divers statuts de s\u00e9jour? Quels sont les droits des personnes admises \u00e0 titre provisoire? L\u2019OCA propose des offres de formation ax\u00e9es sur les besoins, en r\u00e9ponse \u00e0 ces questions et \u00e0 bien d\u2019autres encore.<\/pre><\/div><div id=\"panel-7618-8-0-2\" class=\"ppb-block ppb-no-mobile-spacing\" style=\"\" ><p>\nL\u2019OCA propose des expos\u00e9s et des ateliers sur le th\u00e8me de la fuite et de l\u2019asile pour divers groupes-cibles \u2013 \u00e0 l\u2019occasion de formations continues internes, de conf\u00e9rences, de modules de formation ou de s\u00e9ances d\u2019\u00e9change. Nous examinons ensemble auparavant les contenus souhait\u00e9s, la forme et la dur\u00e9e \u00e0 pr\u00e9voir pour un expos\u00e9 ou un atelier. Nous vous prions de nous contacter au moins un mois avant l\u2019activit\u00e9 pr\u00e9vue.\n<\/p><\/div><\/div><\/div><!--.panel-grid-cell-container--><\/div><!--.panel-row-style--><\/div><!--.panel-grid--><div class=\"panel-grid ppb-row\" id=\"pg-7618-9\" style=\"margin-bottom: 0;\" ><div class=\"ppb-row panel-row-style panel-row-style- \" style=\"\" ><style>#pg-7618-9 .panel-grid-cell { padding: 0 0.5% 0; }<\/style><div class='panel-grid-cell-container'><div class=\"ppb-col panel-grid-cell \" id=\"pgc-7618-9-0\" ><div id=\"panel-7618-9-0-0\" class=\"ppb-block ppb-no-mobile-spacing\" style=\"\" ><h5><strong>Th\u00e8mes possibles (plusieurs points peuvent \u00eatre combin\u00e9s)<\/strong>:<\/h5><p>\n<br data-mce-bogus=\"1\">\n<\/p><p>\n<strong>Bases de la pratique en mati\u00e8re d\u2019asile<\/strong>: proc\u00e9dure d\u2019asile, principaux pays d\u2019origine, motifs de fuite et crit\u00e8res d\u2019\u00e9valuation du Secr\u00e9tariat d\u2019\u00c9tat aux migrations SEM\n<\/p><p>\n<strong>Livrets de s\u00e9jour et comp\u00e9tences dans le canton de Berne<\/strong>: autorisations de s\u00e9jour (N, F, B, S, d\u00e9bout\u00e9) avec les droits et devoirs correspondants, bases du droit de l\u2019aide sociale, interlocuteurs\n<\/p><p>\n<strong>Renvoi et ex\u00e9cution<\/strong>: situation juridique et conditions de vie des personnes d\u00e9bout\u00e9es de l\u2019asile et des sans-papiers, retours autonomes et mesures de contrainte\n<\/p><p>\n<strong>Quotidien des enfants r\u00e9fugi\u00e9s<\/strong>: application de la Convention sur les droits de l\u2019enfant dans le secteur de l\u2019asile, services impliqu\u00e9s, d\u00e9fis linguistiques, communication avec les tuteurs l\u00e9gaux, \u00e9changes sur les mesures d\u2019encouragement\n<\/p><p>\n<strong>Conditions de vie des personnes r\u00e9fugi\u00e9es<\/strong>: h\u00e9bergement, soutien financier, structures d\u2019accueil, int\u00e9gration professionnelle et sociale, possibilit\u00e9s de formation\n<\/p><p>\n<strong>Comp\u00e9tence transculturelle<\/strong>: r\u00e9flexion sur la notion de culture et sur nos st\u00e9r\u00e9otypes de pens\u00e9e, afin d\u2019instaurer des interactions constructives et r\u00e9fl\u00e9chies avec les personnes r\u00e9fugi\u00e9es et de bien comprendre les groupes sensibles (p.e. personnes traumatis\u00e9es, femmes r\u00e9fugi\u00e9es, mineurs non-accompagn\u00e9s).\n<\/p><\/div><\/div><div class=\"ppb-col panel-grid-cell \" id=\"pgc-7618-9-1\" ><div id=\"panel-7618-9-1-0\" class=\"ppb-block ppb-no-mobile-spacing\" style=\"\" ><div id=\"panel-4283-8-1-0\" class=\"ppb-block ppb-no-mobile-spacing ui-draggable ui-resizable ui-droppable\"><p>\n<strong>Groupes-cibles<\/strong>: personnes confront\u00e9es \u00e0 des r\u00e9fugi\u00e9s dans leur quotidien professionnel\n<\/p><p>\n<strong>Lieu du cours<\/strong>: dans vos locaux, dans tout le canton de Berne\n<\/p><p>\n<strong>Dur\u00e9e<\/strong>: selon la demande (valeur indicative: 1 \u00e0 4&nbsp;heures, r\u00e9parties sur max. deux dates)\n<\/p><p>\n<strong>Co\u00fbts<\/strong>: contribution aux frais de 70 francs par cours\n<\/p><p>\n<br>\n<\/p><h5>T\u00e9l\u00e9chargez le flyer en allemand (cliquez sur l'image):<\/h5><p>\n<br>\n<\/p><p>\n<a data-mce-href=\"https:\/\/www.kkf-oca.ch\/wp-content\/uploads\/20231011_Flyer-Berufsalltag_D_2023.pdf\" href=\"https:\/\/www.kkf-oca.ch\/wp-content\/uploads\/20231011_Flyer-Berufsalltag_D_2023.pdf\" data-mce-selected=\"inline-boundary\"><img decoding=\"async\" fetchpriority=\"high\" class=\"alignnone size-medium wp-image-9522\" src=\"https:\/\/www.kkf-oca.ch\/wp-content\/uploads\/Cover_2023-209x300.jpg\" alt=\"\" width=\"209\" height=\"300\" data-mce-src=\"https:\/\/www.kkf-oca.ch\/wp-content\/uploads\/Cover_2023-209x300.jpg\" srcset=\"https:\/\/www.kkf-oca.ch\/wp-content\/uploads\/Cover_2023-209x300.jpg 209w, https:\/\/www.kkf-oca.ch\/wp-content\/uploads\/Cover_2023-500x716.jpg 500w, https:\/\/www.kkf-oca.ch\/wp-content\/uploads\/Cover_2023.jpg 613w\" sizes=\"(max-width: 209px) 100vw, 209px\" data-mce-selected=\"1\"><\/a>\n<\/p><\/div><div id=\"mceResizeHandlenw\" data-mce-bogus=\"all\" class=\"mce-resizehandle\" unselectable=\"true\" data-mce-style=\"cursor: nw-resize; margin: 0px; padding: 0px; left: -2.5px; top: 301.5px;\" style=\"cursor: nw-resize; margin: 0px; padding: 0px; left: -2.5px; top: 301.5px;\"><\/div><div id=\"mceResizeHandlene\" data-mce-bogus=\"all\" class=\"mce-resizehandle\" unselectable=\"true\" data-mce-style=\"cursor: ne-resize; margin: 0px; padding: 0px; left: 206.5px; top: 301.5px;\" style=\"cursor: ne-resize; margin: 0px; padding: 0px; left: 206.5px; top: 301.5px;\"><\/div><div id=\"mceResizeHandlese\" data-mce-bogus=\"all\" class=\"mce-resizehandle\" unselectable=\"true\" data-mce-style=\"cursor: se-resize; margin: 0px; padding: 0px; left: 206.5px; top: 601.5px;\" style=\"cursor: se-resize; margin: 0px; padding: 0px; left: 206.5px; top: 601.5px;\"><\/div><div id=\"mceResizeHandlesw\" data-mce-bogus=\"all\" class=\"mce-resizehandle\" unselectable=\"true\" data-mce-style=\"cursor: sw-resize; margin: 0px; padding: 0px; left: -2.5px; top: 601.5px;\" style=\"cursor: sw-resize; margin: 0px; padding: 0px; left: -2.5px; top: 601.5px;\"><\/div><\/div><div id=\"panel-7618-9-1-1\" class=\"ppb-block ppb-no-mobile-spacing\" style=\"background-color: #dfdbd0;margin-top: 32px;margin-left: 2px;max-width: 246px;background-color: rgba(  223, 219, 208, 0.45 ); padding-top: 12px;npadding-bottom: 0px;npadding-right: 18px;npadding-left: 18px;\" ><h5>Claudia Kaiser<\/h5><h5>\u00a0<\/h5><p>\n031 385 18 15<br \/><a href=\"mailto:claudia.kaiser@kkf-oca.ch\">claudia.kaiserkkf-oca.ch<\/a>\n<\/p><\/div><\/div><\/div><!--.panel-grid-cell-container--><\/div><!--.panel-row-style--><\/div><!--.panel-grid-->\t\t<\/div>\n\t\t","protected":false},"excerpt":{"rendered":"<p>De nombreux professionnels s&rsquo;occupent des personnes r\u00e9fugi\u00e9es dans leur travail quotidien. Dans le cadre du programme Horizonte, l&rsquo;OCA propose des formations continues sur des sujets d&rsquo;actualit\u00e9 aux employ\u00e9s des partenaires r\u00e9gionaux, des services sociaux communaux et d&rsquo;autres institutions d&rsquo;int\u00e9gration. L&rsquo;offre<\/p>\n","protected":false},"author":7,"featured_media":0,"parent":0,"menu_order":0,"comment_status":"closed","ping_status":"closed","template":"","meta":{"footnotes":""},"class_list":["post-7618","page","type-page","status-publish","hentry"],"yoast_head":"<!-- This site is optimized with the Yoast SEO plugin v27.4 - https:\/\/yoast.com\/product\/yoast-seo-wordpress\/ -->\n<title>Offres | Offres de formation pour les professionnels - KKF OCA<\/title>\n<meta name=\"robots\" content=\"index, follow, max-snippet:-1, max-image-preview:large, max-video-preview:-1\" \/>\n<link rel=\"canonical\" href=\"https:\/\/www.kkf-oca.ch\/fr\/angebote-bildungsangebote-fachpersonen\/\" \/>\n<meta property=\"og:locale\" content=\"fr_FR\" \/>\n<meta property=\"og:type\" content=\"article\" \/>\n<meta property=\"og:title\" content=\"Offres | Offres de formation pour les professionnels - KKF OCA\" \/>\n<meta property=\"og:description\" content=\"De nombreux professionnels s&#039;occupent des personnes r\u00e9fugi\u00e9es dans leur travail quotidien. Dans le cadre du programme Horizonte, l&#039;OCA propose des formations continues sur des sujets d&#039;actualit\u00e9 aux employ\u00e9s des partenaires r\u00e9gionaux, des services sociaux communaux et d&#039;autres institutions d&#039;int\u00e9gration. L&#039;offre\" \/>\n<meta property=\"og:url\" content=\"https:\/\/www.kkf-oca.ch\/fr\/angebote-bildungsangebote-fachpersonen\/\" \/>\n<meta property=\"og:site_name\" content=\"KKF OCA\" \/>\n<meta property=\"article:publisher\" content=\"https:\/\/www.facebook.com\/kkf.oca\/\" \/>\n<meta property=\"article:modified_time\" content=\"2026-04-23T06:30:35+00:00\" \/>\n<meta property=\"og:image\" content=\"https:\/\/www.kkf-oca.ch\/wp-content\/uploads\/Horizonte_FS25_Cover.png\" \/>\n\t<meta property=\"og:image:width\" content=\"866\" \/>\n\t<meta property=\"og:image:height\" content=\"141\" \/>\n\t<meta property=\"og:image:type\" content=\"image\/png\" \/>\n<meta name=\"twitter:card\" content=\"summary_large_image\" \/>\n<meta name=\"twitter:label1\" content=\"Dur\u00e9e de lecture estim\u00e9e\" \/>\n\t<meta name=\"twitter:data1\" content=\"15 minutes\" \/>\n<script type=\"application\/ld+json\" class=\"yoast-schema-graph\">{\"@context\":\"https:\\\/\\\/schema.org\",\"@graph\":[{\"@type\":\"WebPage\",\"@id\":\"https:\\\/\\\/www.kkf-oca.ch\\\/fr\\\/angebote-bildungsangebote-fachpersonen\\\/\",\"url\":\"https:\\\/\\\/www.kkf-oca.ch\\\/fr\\\/angebote-bildungsangebote-fachpersonen\\\/\",\"name\":\"Offres | Offres de formation pour les professionnels - KKF OCA\",\"isPartOf\":{\"@id\":\"https:\\\/\\\/www.kkf-oca.ch\\\/#website\"},\"primaryImageOfPage\":{\"@id\":\"https:\\\/\\\/www.kkf-oca.ch\\\/fr\\\/angebote-bildungsangebote-fachpersonen\\\/#primaryimage\"},\"image\":{\"@id\":\"https:\\\/\\\/www.kkf-oca.ch\\\/fr\\\/angebote-bildungsangebote-fachpersonen\\\/#primaryimage\"},\"thumbnailUrl\":\"https:\\\/\\\/www.kkf-oca.ch\\\/wp-content\\\/uploads\\\/Horizonte_FS25_Cover-300x49.png\",\"datePublished\":\"2020-11-17T13:57:37+00:00\",\"dateModified\":\"2026-04-23T06:30:35+00:00\",\"breadcrumb\":{\"@id\":\"https:\\\/\\\/www.kkf-oca.ch\\\/fr\\\/angebote-bildungsangebote-fachpersonen\\\/#breadcrumb\"},\"inLanguage\":\"fr-FR\",\"potentialAction\":[{\"@type\":\"ReadAction\",\"target\":[\"https:\\\/\\\/www.kkf-oca.ch\\\/fr\\\/angebote-bildungsangebote-fachpersonen\\\/\"]}]},{\"@type\":\"ImageObject\",\"inLanguage\":\"fr-FR\",\"@id\":\"https:\\\/\\\/www.kkf-oca.ch\\\/fr\\\/angebote-bildungsangebote-fachpersonen\\\/#primaryimage\",\"url\":\"https:\\\/\\\/www.kkf-oca.ch\\\/wp-content\\\/uploads\\\/Horizonte_FS25_Cover-300x49.png\",\"contentUrl\":\"https:\\\/\\\/www.kkf-oca.ch\\\/wp-content\\\/uploads\\\/Horizonte_FS25_Cover-300x49.png\"},{\"@type\":\"BreadcrumbList\",\"@id\":\"https:\\\/\\\/www.kkf-oca.ch\\\/fr\\\/angebote-bildungsangebote-fachpersonen\\\/#breadcrumb\",\"itemListElement\":[{\"@type\":\"ListItem\",\"position\":1,\"name\":\"Startseite\",\"item\":\"https:\\\/\\\/www.kkf-oca.ch\\\/\"},{\"@type\":\"ListItem\",\"position\":2,\"name\":\"Offres | Offres de formation pour les professionnels\"}]},{\"@type\":\"WebSite\",\"@id\":\"https:\\\/\\\/www.kkf-oca.ch\\\/#website\",\"url\":\"https:\\\/\\\/www.kkf-oca.ch\\\/\",\"name\":\"KKF OCA\",\"description\":\"\",\"publisher\":{\"@id\":\"https:\\\/\\\/www.kkf-oca.ch\\\/#organization\"},\"potentialAction\":[{\"@type\":\"SearchAction\",\"target\":{\"@type\":\"EntryPoint\",\"urlTemplate\":\"https:\\\/\\\/www.kkf-oca.ch\\\/?s={search_term_string}\"},\"query-input\":{\"@type\":\"PropertyValueSpecification\",\"valueRequired\":true,\"valueName\":\"search_term_string\"}}],\"inLanguage\":\"fr-FR\"},{\"@type\":\"Organization\",\"@id\":\"https:\\\/\\\/www.kkf-oca.ch\\\/#organization\",\"name\":\"Kirchliche Kontaktstelle f\u00fcr Fl\u00fcchtlingsfragen KKF\",\"url\":\"https:\\\/\\\/www.kkf-oca.ch\\\/\",\"logo\":{\"@type\":\"ImageObject\",\"inLanguage\":\"fr-FR\",\"@id\":\"https:\\\/\\\/www.kkf-oca.ch\\\/#\\\/schema\\\/logo\\\/image\\\/\",\"url\":\"https:\\\/\\\/www.kkf-oca.ch\\\/wp-content\\\/uploads\\\/KKFOCA_logo_blau_rgb_150ppi.jpg\",\"contentUrl\":\"https:\\\/\\\/www.kkf-oca.ch\\\/wp-content\\\/uploads\\\/KKFOCA_logo_blau_rgb_150ppi.jpg\",\"width\":596,\"height\":135,\"caption\":\"Kirchliche Kontaktstelle f\u00fcr Fl\u00fcchtlingsfragen KKF\"},\"image\":{\"@id\":\"https:\\\/\\\/www.kkf-oca.ch\\\/#\\\/schema\\\/logo\\\/image\\\/\"},\"sameAs\":[\"https:\\\/\\\/www.facebook.com\\\/kkf.oca\\\/\"]}]}<\/script>\n<!-- \/ Yoast SEO plugin. -->","yoast_head_json":{"title":"Offres | Offres de formation pour les professionnels - KKF OCA","robots":{"index":"index","follow":"follow","max-snippet":"max-snippet:-1","max-image-preview":"max-image-preview:large","max-video-preview":"max-video-preview:-1"},"canonical":"https:\/\/www.kkf-oca.ch\/fr\/angebote-bildungsangebote-fachpersonen\/","og_locale":"fr_FR","og_type":"article","og_title":"Offres | Offres de formation pour les professionnels - KKF OCA","og_description":"De nombreux professionnels s'occupent des personnes r\u00e9fugi\u00e9es dans leur travail quotidien. Dans le cadre du programme Horizonte, l'OCA propose des formations continues sur des sujets d'actualit\u00e9 aux employ\u00e9s des partenaires r\u00e9gionaux, des services sociaux communaux et d'autres institutions d'int\u00e9gration. L'offre","og_url":"https:\/\/www.kkf-oca.ch\/fr\/angebote-bildungsangebote-fachpersonen\/","og_site_name":"KKF OCA","article_publisher":"https:\/\/www.facebook.com\/kkf.oca\/","article_modified_time":"2026-04-23T06:30:35+00:00","og_image":[{"width":866,"height":141,"url":"https:\/\/www.kkf-oca.ch\/wp-content\/uploads\/Horizonte_FS25_Cover.png","type":"image\/png"}],"twitter_card":"summary_large_image","twitter_misc":{"Dur\u00e9e de lecture estim\u00e9e":"15 minutes"},"schema":{"@context":"https:\/\/schema.org","@graph":[{"@type":"WebPage","@id":"https:\/\/www.kkf-oca.ch\/fr\/angebote-bildungsangebote-fachpersonen\/","url":"https:\/\/www.kkf-oca.ch\/fr\/angebote-bildungsangebote-fachpersonen\/","name":"Offres | Offres de formation pour les professionnels - KKF OCA","isPartOf":{"@id":"https:\/\/www.kkf-oca.ch\/#website"},"primaryImageOfPage":{"@id":"https:\/\/www.kkf-oca.ch\/fr\/angebote-bildungsangebote-fachpersonen\/#primaryimage"},"image":{"@id":"https:\/\/www.kkf-oca.ch\/fr\/angebote-bildungsangebote-fachpersonen\/#primaryimage"},"thumbnailUrl":"https:\/\/www.kkf-oca.ch\/wp-content\/uploads\/Horizonte_FS25_Cover-300x49.png","datePublished":"2020-11-17T13:57:37+00:00","dateModified":"2026-04-23T06:30:35+00:00","breadcrumb":{"@id":"https:\/\/www.kkf-oca.ch\/fr\/angebote-bildungsangebote-fachpersonen\/#breadcrumb"},"inLanguage":"fr-FR","potentialAction":[{"@type":"ReadAction","target":["https:\/\/www.kkf-oca.ch\/fr\/angebote-bildungsangebote-fachpersonen\/"]}]},{"@type":"ImageObject","inLanguage":"fr-FR","@id":"https:\/\/www.kkf-oca.ch\/fr\/angebote-bildungsangebote-fachpersonen\/#primaryimage","url":"https:\/\/www.kkf-oca.ch\/wp-content\/uploads\/Horizonte_FS25_Cover-300x49.png","contentUrl":"https:\/\/www.kkf-oca.ch\/wp-content\/uploads\/Horizonte_FS25_Cover-300x49.png"},{"@type":"BreadcrumbList","@id":"https:\/\/www.kkf-oca.ch\/fr\/angebote-bildungsangebote-fachpersonen\/#breadcrumb","itemListElement":[{"@type":"ListItem","position":1,"name":"Startseite","item":"https:\/\/www.kkf-oca.ch\/"},{"@type":"ListItem","position":2,"name":"Offres | Offres de formation pour les professionnels"}]},{"@type":"WebSite","@id":"https:\/\/www.kkf-oca.ch\/#website","url":"https:\/\/www.kkf-oca.ch\/","name":"KKF OCA","description":"","publisher":{"@id":"https:\/\/www.kkf-oca.ch\/#organization"},"potentialAction":[{"@type":"SearchAction","target":{"@type":"EntryPoint","urlTemplate":"https:\/\/www.kkf-oca.ch\/?s={search_term_string}"},"query-input":{"@type":"PropertyValueSpecification","valueRequired":true,"valueName":"search_term_string"}}],"inLanguage":"fr-FR"},{"@type":"Organization","@id":"https:\/\/www.kkf-oca.ch\/#organization","name":"Kirchliche Kontaktstelle f\u00fcr Fl\u00fcchtlingsfragen KKF","url":"https:\/\/www.kkf-oca.ch\/","logo":{"@type":"ImageObject","inLanguage":"fr-FR","@id":"https:\/\/www.kkf-oca.ch\/#\/schema\/logo\/image\/","url":"https:\/\/www.kkf-oca.ch\/wp-content\/uploads\/KKFOCA_logo_blau_rgb_150ppi.jpg","contentUrl":"https:\/\/www.kkf-oca.ch\/wp-content\/uploads\/KKFOCA_logo_blau_rgb_150ppi.jpg","width":596,"height":135,"caption":"Kirchliche Kontaktstelle f\u00fcr Fl\u00fcchtlingsfragen KKF"},"image":{"@id":"https:\/\/www.kkf-oca.ch\/#\/schema\/logo\/image\/"},"sameAs":["https:\/\/www.facebook.com\/kkf.oca\/"]}]}},"_links":{"self":[{"href":"https:\/\/www.kkf-oca.ch\/fr\/wp-json\/wp\/v2\/pages\/7618","targetHints":{"allow":["GET"]}}],"collection":[{"href":"https:\/\/www.kkf-oca.ch\/fr\/wp-json\/wp\/v2\/pages"}],"about":[{"href":"https:\/\/www.kkf-oca.ch\/fr\/wp-json\/wp\/v2\/types\/page"}],"author":[{"embeddable":true,"href":"https:\/\/www.kkf-oca.ch\/fr\/wp-json\/wp\/v2\/users\/7"}],"replies":[{"embeddable":true,"href":"https:\/\/www.kkf-oca.ch\/fr\/wp-json\/wp\/v2\/comments?post=7618"}],"version-history":[{"count":151,"href":"https:\/\/www.kkf-oca.ch\/fr\/wp-json\/wp\/v2\/pages\/7618\/revisions"}],"predecessor-version":[{"id":12496,"href":"https:\/\/www.kkf-oca.ch\/fr\/wp-json\/wp\/v2\/pages\/7618\/revisions\/12496"}],"wp:attachment":[{"href":"https:\/\/www.kkf-oca.ch\/fr\/wp-json\/wp\/v2\/media?parent=7618"}],"curies":[{"name":"wp","href":"https:\/\/api.w.org\/{rel}","templated":true}]}}